{"id":307,"date":"2018-08-16T05:57:31","date_gmt":"2018-08-16T05:57:31","guid":{"rendered":"https:\/\/demo.themegrill.com\/colormag\/donation-confirmation\/"},"modified":"2025-03-03T01:24:29","modified_gmt":"2025-03-03T01:24:29","slug":"donation-confirmation","status":"publish","type":"page","link":"https:\/\/hermandadmedinaceli.es\/index.php\/donation-confirmation\/","title":{"rendered":"Nuestro Padre Jes\u00fas Cautivo y Rescatado"},"content":{"rendered":"\n<h1 class=\"wp-block-heading has-text-color has-link-color wp-elements-d68c674c54e9a37d2786032492ba9561\" style=\"color:#511f7d\">Nuestro Padre Jes\u00fas Cautivo y Rescatado<\/h1>\n\n\n<blockquote>\n<p class=\"cvGsUA direction-ltr align-justify para-style-body\" style=\"text-align: right;\"><span class=\"OYPEnA font-feature-liga-off font-feature-clig-off font-feature-calt-off text-decoration-none text-strikethrough-none\"><em>\u00abAs\u00ed que, entonces tom\u00f3 Pilato a Jes\u00fas, y le azot\u00f3. Y los soldados entretejieron una corona de espinas, y la pusieron sobre su cabeza, y le vistieron con un manto de p\u00farpura; y le dec\u00edan: \u00a1Salve, Rey de los jud\u00edos! y le daban de bofetadas. Entonces Pilato sali\u00f3 otra vez, y les dijo: Mirad, os lo traigo fuera, para que entend\u00e1is que ning\u00fan delito hallo en \u00e9l. Y sali\u00f3 Jes\u00fas, llevando la corona de espinas y el manto de p\u00farpura. Y Pilato les dijo: \u00a1He aqu\u00ed el hombre!\u00bb<\/em><br \/><strong>Evangelio seg\u00fan San Juan (19, 1-6)<\/strong><\/span><\/p>\n<\/blockquote>\n<p style=\"text-align: justify;\"><img loading=\"lazy\" decoding=\"async\" class=\" wp-image-1675 alignleft\" src=\"https:\/\/hermandadmedinaceli.es\/wp-content\/uploads\/2025\/02\/medinaceli-1-224x300.jpg\" alt=\"\" width=\"229\" height=\"307\" srcset=\"https:\/\/hermandadmedinaceli.es\/wp-content\/uploads\/2025\/02\/medinaceli-1-224x300.jpg 224w, https:\/\/hermandadmedinaceli.es\/wp-content\/uploads\/2025\/02\/medinaceli-1-766x1024.jpg 766w, https:\/\/hermandadmedinaceli.es\/wp-content\/uploads\/2025\/02\/medinaceli-1-768x1027.jpg 768w, https:\/\/hermandadmedinaceli.es\/wp-content\/uploads\/2025\/02\/medinaceli-1.jpg 883w\" sizes=\"auto, (max-width: 229px) 100vw, 229px\" \/>Nuestro Padre Jes\u00fas Cautivo y Rescatado es una talla proveniente de los talleres de imaginer\u00eda Jos\u00e9 Rabasa P\u00e9rez (Valencia). L<span class=\"OYPEnA font-feature-liga-off font-feature-clig-off font-feature-calt-off text-decoration-none text-strikethrough-none\">a imagen de Nuestro Padre Jes\u00fas Cautivo y Rescatado (Medinaceli) fue bendecida en el a\u00f1o 1952, en el patio del Colegio Santiago Ap\u00f3stol que fue la primera Sede Can\u00f3nica de la Hermandad, siendo Hermano Mayor D. Juan Mac\u00edas L\u00f3pez, la talla fue apadrinada por la hija del General Barroso, y bendecida por Rvdo. P. Justo Mart\u00ednez, quien fuese Director Espiritual de la Hermandad en aquella \u00e9poca.<\/span><\/p>\n<p style=\"text-align: justify;\">Iconogr\u00e1ficamente, la imagen del Se\u00f1or representa la escena de la pasi\u00f3n en la cual Jes\u00fas aparece maniatado, coronado de espinas y portando manto p\u00farpura junto a Pilatos en el pretorio, tras ser flagelado y humillado por los soldados romanos. Es entonces cuando Pilatos pronuncia las palabras: \u00abEcce Homo\u00bb, es decir, \u00abHe aqu\u00ed al hombre\u00bb.<\/p>\n<p style=\"text-align: justify;\">Nuestro Padre Jes\u00fas Cautivo y Rescatado porta t\u00fanica morada, corona de espinas y escapulario trinitario, caracter\u00edsticas propias de un Medinaceli, teniendo dichos rasgos su g\u00e9nesis en la imagen de Nuestro Padre Jes\u00fas de Medinaceli de Madrid.<\/p>\n<p style=\"text-align: justify;\">No es posible hablar de manera completa de la imagen del Se\u00f1or, si dejamos a un lado el valor devocional, trat\u00e1ndose la imagen de mayor peso devocional de la ciudad, siendo esta talla capaz de aglutinar miles de fieles en las fechas propias de la Hermandad, como el famoso Besapi\u00e9 el primer viernes de marzo, el V\u00eda+Crucis del Se\u00f1or por las calles de la feligres\u00eda o la propia Estaci\u00f3n de Penitencia del Mi\u00e9rcoles Santo, donde re\u00fane centenares de promesas tras su paso.<\/p>\n\n\n<figure class=\"wp-block-gallery has-nested-images columns-5 is-cropped wp-block-gallery-1 is-layout-flex wp-block-gallery-is-layout-flex\">\n<figure class=\"wp-block-image size-full\"><img loading=\"lazy\" decoding=\"async\" width=\"1200\" height=\"1600\" data-id=\"1676\" src=\"https:\/\/hermandadmedinaceli.es\/wp-content\/uploads\/2025\/02\/Imagen-de-WhatsApp-2025-02-12-a-las-00.18.54_6bb2f3b6.jpg\" alt=\"\" class=\"wp-image-1676\" srcset=\"https:\/\/hermandadmedinaceli.es\/wp-content\/uploads\/2025\/02\/Imagen-de-WhatsApp-2025-02-12-a-las-00.18.54_6bb2f3b6.jpg 1200w, https:\/\/hermandadmedinaceli.es\/wp-content\/uploads\/2025\/02\/Imagen-de-WhatsApp-2025-02-12-a-las-00.18.54_6bb2f3b6-225x300.jpg 225w, https:\/\/hermandadmedinaceli.es\/wp-content\/uploads\/2025\/02\/Imagen-de-WhatsApp-2025-02-12-a-las-00.18.54_6bb2f3b6-768x1024.jpg 768w, https:\/\/hermandadmedinaceli.es\/wp-content\/uploads\/2025\/02\/Imagen-de-WhatsApp-2025-02-12-a-las-00.18.54_6bb2f3b6-1152x1536.jpg 1152w\" sizes=\"auto, (max-width: 1200px) 100vw, 1200px\" \/><\/figure>\n\n\n\n<figure class=\"wp-block-image size-full\"><img loading=\"lazy\" decoding=\"async\" width=\"1514\" height=\"2048\" data-id=\"1677\" src=\"https:\/\/hermandadmedinaceli.es\/wp-content\/uploads\/2025\/02\/Imagen-de-WhatsApp-2025-02-12-a-las-00.18.54_655ff90c.jpg\" alt=\"\" class=\"wp-image-1677\" srcset=\"https:\/\/hermandadmedinaceli.es\/wp-content\/uploads\/2025\/02\/Imagen-de-WhatsApp-2025-02-12-a-las-00.18.54_655ff90c.jpg 1514w, https:\/\/hermandadmedinaceli.es\/wp-content\/uploads\/2025\/02\/Imagen-de-WhatsApp-2025-02-12-a-las-00.18.54_655ff90c-222x300.jpg 222w, https:\/\/hermandadmedinaceli.es\/wp-content\/uploads\/2025\/02\/Imagen-de-WhatsApp-2025-02-12-a-las-00.18.54_655ff90c-757x1024.jpg 757w, https:\/\/hermandadmedinaceli.es\/wp-content\/uploads\/2025\/02\/Imagen-de-WhatsApp-2025-02-12-a-las-00.18.54_655ff90c-768x1039.jpg 768w, https:\/\/hermandadmedinaceli.es\/wp-content\/uploads\/2025\/02\/Imagen-de-WhatsApp-2025-02-12-a-las-00.18.54_655ff90c-1136x1536.jpg 1136w\" sizes=\"auto, (max-width: 1514px) 100vw, 1514px\" \/><\/figure>\n\n\n\n<figure class=\"wp-block-image size-full\"><img loading=\"lazy\" decoding=\"async\" width=\"1368\" height=\"2048\" data-id=\"1463\" src=\"https:\/\/hermandadmedinaceli.es\/wp-content\/uploads\/2024\/12\/Imagen-de-WhatsApp-2024-11-06-a-las-00.00.24_3831f3e4.jpg\" alt=\"\" class=\"wp-image-1463\" srcset=\"https:\/\/hermandadmedinaceli.es\/wp-content\/uploads\/2024\/12\/Imagen-de-WhatsApp-2024-11-06-a-las-00.00.24_3831f3e4.jpg 1368w, https:\/\/hermandadmedinaceli.es\/wp-content\/uploads\/2024\/12\/Imagen-de-WhatsApp-2024-11-06-a-las-00.00.24_3831f3e4-200x300.jpg 200w, https:\/\/hermandadmedinaceli.es\/wp-content\/uploads\/2024\/12\/Imagen-de-WhatsApp-2024-11-06-a-las-00.00.24_3831f3e4-684x1024.jpg 684w, https:\/\/hermandadmedinaceli.es\/wp-content\/uploads\/2024\/12\/Imagen-de-WhatsApp-2024-11-06-a-las-00.00.24_3831f3e4-768x1150.jpg 768w, https:\/\/hermandadmedinaceli.es\/wp-content\/uploads\/2024\/12\/Imagen-de-WhatsApp-2024-11-06-a-las-00.00.24_3831f3e4-1026x1536.jpg 1026w\" sizes=\"auto, (max-width: 1368px) 100vw, 1368px\" \/><\/figure>\n\n\n\n<figure class=\"wp-block-image size-full\"><img loading=\"lazy\" decoding=\"async\" width=\"640\" height=\"640\" data-id=\"1052\" src=\"https:\/\/hermandadmedinaceli.es\/wp-content\/uploads\/2021\/10\/medinaceli-3-1-e1567466335574.jpg\" alt=\"\" class=\"wp-image-1052\" srcset=\"https:\/\/hermandadmedinaceli.es\/wp-content\/uploads\/2021\/10\/medinaceli-3-1-e1567466335574.jpg 640w, https:\/\/hermandadmedinaceli.es\/wp-content\/uploads\/2021\/10\/medinaceli-3-1-e1567466335574-300x300.jpg 300w, https:\/\/hermandadmedinaceli.es\/wp-content\/uploads\/2021\/10\/medinaceli-3-1-e1567466335574-150x150.jpg 150w\" sizes=\"auto, (max-width: 640px) 100vw, 640px\" \/><\/figure>\n\n\n\n<figure class=\"wp-block-image size-full\"><img loading=\"lazy\" decoding=\"async\" width=\"512\" height=\"383\" data-id=\"1050\" src=\"https:\/\/hermandadmedinaceli.es\/wp-content\/uploads\/2021\/10\/unnamed.jpg\" alt=\"\" class=\"wp-image-1050\" srcset=\"https:\/\/hermandadmedinaceli.es\/wp-content\/uploads\/2021\/10\/unnamed.jpg 512w, https:\/\/hermandadmedinaceli.es\/wp-content\/uploads\/2021\/10\/unnamed-300x224.jpg 300w\" sizes=\"auto, (max-width: 512px) 100vw, 512px\" \/><\/figure>\n<\/figure>\n<!-- AddThis Advanced Settings generic via filter on the_content --><!-- AddThis Share Buttons generic via filter on the_content -->","protected":false},"excerpt":{"rendered":"<p>Nuestro Padre Jes\u00fas Cautivo y Rescatado \u00abAs\u00ed que, entonces tom\u00f3 Pilato a Jes\u00fas, y le azot\u00f3. Y los soldados entretejieron<!-- AddThis Advanced Settings generic via filter on get_the_excerpt --><!-- AddThis Share Buttons generic via filter on get_the_excerpt --><\/p>\n","protected":false},"author":1,"featured_media":1675,"parent":0,"menu_order":0,"comment_status":"closed","ping_status":"closed","template":"","meta":{"colormag_page_container_layout":"default_layout","colormag_page_sidebar_layout":"default_layout","_monsterinsights_skip_tracking":false,"_monsterinsights_sitenote_active":false,"_monsterinsights_sitenote_note":"","_monsterinsights_sitenote_category":0,"_mc_calendar":[],"footnotes":""},"class_list":["post-307","page","type-page","status-publish","has-post-thumbnail","hentry"],"yoast_head":"<!-- This site is optimized with the Yoast SEO plugin v27.4 - https:\/\/yoast.com\/product\/yoast-seo-wordpress\/ -->\n<title>Nuestro Padre Jes\u00fas Cautivo y Rescatado - Hermandad Medinaceli - La L&iacute;nea de la Concepci&oacute;n<\/title>\n<meta name=\"robots\" content=\"index, follow, max-snippet:-1, max-image-preview:large, max-video-preview:-1\" \/>\n<link rel=\"canonical\" href=\"https:\/\/hermandadmedinaceli.es\/index.php\/donation-confirmation\/\" \/>\n<meta property=\"og:locale\" content=\"es_ES\" \/>\n<meta property=\"og:type\" content=\"article\" \/>\n<meta property=\"og:title\" content=\"Nuestro Padre Jes\u00fas Cautivo y Rescatado - Hermandad Medinaceli - La L&iacute;nea de la Concepci&oacute;n\" \/>\n<meta property=\"og:description\" content=\"Nuestro Padre Jes\u00fas Cautivo y Rescatado \u00abAs\u00ed que, entonces tom\u00f3 Pilato a Jes\u00fas, y le azot\u00f3. Y los soldados entretejieron\" \/>\n<meta property=\"og:url\" content=\"https:\/\/hermandadmedinaceli.es\/index.php\/donation-confirmation\/\" \/>\n<meta property=\"og:site_name\" content=\"Hermandad Medinaceli - La L&iacute;nea de la Concepci&oacute;n\" \/>\n<meta property=\"article:modified_time\" content=\"2025-03-03T01:24:29+00:00\" \/>\n<meta property=\"og:image\" content=\"https:\/\/hermandadmedinaceli.es\/wp-content\/uploads\/2025\/02\/medinaceli-1.jpg\" \/>\n\t<meta property=\"og:image:width\" content=\"883\" \/>\n\t<meta property=\"og:image:height\" content=\"1181\" \/>\n\t<meta property=\"og:image:type\" content=\"image\/jpeg\" \/>\n<meta name=\"twitter:card\" content=\"summary_large_image\" \/>\n<meta name=\"twitter:label1\" content=\"Tiempo de lectura\" \/>\n\t<meta name=\"twitter:data1\" content=\"3 minutos\" \/>\n<script type=\"application\/ld+json\" class=\"yoast-schema-graph\">{\"@context\":\"https:\\\/\\\/schema.org\",\"@graph\":[{\"@type\":\"WebPage\",\"@id\":\"https:\\\/\\\/hermandadmedinaceli.es\\\/index.php\\\/donation-confirmation\\\/\",\"url\":\"https:\\\/\\\/hermandadmedinaceli.es\\\/index.php\\\/donation-confirmation\\\/\",\"name\":\"Nuestro Padre Jes\u00fas Cautivo y Rescatado - Hermandad Medinaceli - La L&iacute;nea de la Concepci&oacute;n\",\"isPartOf\":{\"@id\":\"https:\\\/\\\/hermandadmedinaceli.es\\\/#website\"},\"primaryImageOfPage\":{\"@id\":\"https:\\\/\\\/hermandadmedinaceli.es\\\/index.php\\\/donation-confirmation\\\/#primaryimage\"},\"image\":{\"@id\":\"https:\\\/\\\/hermandadmedinaceli.es\\\/index.php\\\/donation-confirmation\\\/#primaryimage\"},\"thumbnailUrl\":\"https:\\\/\\\/hermandadmedinaceli.es\\\/wp-content\\\/uploads\\\/2025\\\/02\\\/medinaceli-1.jpg\",\"datePublished\":\"2018-08-16T05:57:31+00:00\",\"dateModified\":\"2025-03-03T01:24:29+00:00\",\"breadcrumb\":{\"@id\":\"https:\\\/\\\/hermandadmedinaceli.es\\\/index.php\\\/donation-confirmation\\\/#breadcrumb\"},\"inLanguage\":\"es\",\"potentialAction\":[{\"@type\":\"ReadAction\",\"target\":[\"https:\\\/\\\/hermandadmedinaceli.es\\\/index.php\\\/donation-confirmation\\\/\"]}]},{\"@type\":\"ImageObject\",\"inLanguage\":\"es\",\"@id\":\"https:\\\/\\\/hermandadmedinaceli.es\\\/index.php\\\/donation-confirmation\\\/#primaryimage\",\"url\":\"https:\\\/\\\/hermandadmedinaceli.es\\\/wp-content\\\/uploads\\\/2025\\\/02\\\/medinaceli-1.jpg\",\"contentUrl\":\"https:\\\/\\\/hermandadmedinaceli.es\\\/wp-content\\\/uploads\\\/2025\\\/02\\\/medinaceli-1.jpg\",\"width\":883,\"height\":1181},{\"@type\":\"BreadcrumbList\",\"@id\":\"https:\\\/\\\/hermandadmedinaceli.es\\\/index.php\\\/donation-confirmation\\\/#breadcrumb\",\"itemListElement\":[{\"@type\":\"ListItem\",\"position\":1,\"name\":\"Portada\",\"item\":\"https:\\\/\\\/hermandadmedinaceli.es\\\/\"},{\"@type\":\"ListItem\",\"position\":2,\"name\":\"Nuestro Padre Jes\u00fas Cautivo y Rescatado\"}]},{\"@type\":\"WebSite\",\"@id\":\"https:\\\/\\\/hermandadmedinaceli.es\\\/#website\",\"url\":\"https:\\\/\\\/hermandadmedinaceli.es\\\/\",\"name\":\"Hermandad Medinaceli - La L&iacute;nea de la Concepci&oacute;n\",\"description\":\"\",\"potentialAction\":[{\"@type\":\"SearchAction\",\"target\":{\"@type\":\"EntryPoint\",\"urlTemplate\":\"https:\\\/\\\/hermandadmedinaceli.es\\\/?s={search_term_string}\"},\"query-input\":{\"@type\":\"PropertyValueSpecification\",\"valueRequired\":true,\"valueName\":\"search_term_string\"}}],\"inLanguage\":\"es\"}]}<\/script>\n<!-- \/ Yoast SEO plugin. -->","yoast_head_json":{"title":"Nuestro Padre Jes\u00fas Cautivo y Rescatado - Hermandad Medinaceli - La L&iacute;nea de la Concepci&oacute;n","robots":{"index":"index","follow":"follow","max-snippet":"max-snippet:-1","max-image-preview":"max-image-preview:large","max-video-preview":"max-video-preview:-1"},"canonical":"https:\/\/hermandadmedinaceli.es\/index.php\/donation-confirmation\/","og_locale":"es_ES","og_type":"article","og_title":"Nuestro Padre Jes\u00fas Cautivo y Rescatado - Hermandad Medinaceli - La L&iacute;nea de la Concepci&oacute;n","og_description":"Nuestro Padre Jes\u00fas Cautivo y Rescatado \u00abAs\u00ed que, entonces tom\u00f3 Pilato a Jes\u00fas, y le azot\u00f3. Y los soldados entretejieron","og_url":"https:\/\/hermandadmedinaceli.es\/index.php\/donation-confirmation\/","og_site_name":"Hermandad Medinaceli - La L&iacute;nea de la Concepci&oacute;n","article_modified_time":"2025-03-03T01:24:29+00:00","og_image":[{"width":883,"height":1181,"url":"https:\/\/hermandadmedinaceli.es\/wp-content\/uploads\/2025\/02\/medinaceli-1.jpg","type":"image\/jpeg"}],"twitter_card":"summary_large_image","twitter_misc":{"Tiempo de lectura":"3 minutos"},"schema":{"@context":"https:\/\/schema.org","@graph":[{"@type":"WebPage","@id":"https:\/\/hermandadmedinaceli.es\/index.php\/donation-confirmation\/","url":"https:\/\/hermandadmedinaceli.es\/index.php\/donation-confirmation\/","name":"Nuestro Padre Jes\u00fas Cautivo y Rescatado - Hermandad Medinaceli - La L&iacute;nea de la Concepci&oacute;n","isPartOf":{"@id":"https:\/\/hermandadmedinaceli.es\/#website"},"primaryImageOfPage":{"@id":"https:\/\/hermandadmedinaceli.es\/index.php\/donation-confirmation\/#primaryimage"},"image":{"@id":"https:\/\/hermandadmedinaceli.es\/index.php\/donation-confirmation\/#primaryimage"},"thumbnailUrl":"https:\/\/hermandadmedinaceli.es\/wp-content\/uploads\/2025\/02\/medinaceli-1.jpg","datePublished":"2018-08-16T05:57:31+00:00","dateModified":"2025-03-03T01:24:29+00:00","breadcrumb":{"@id":"https:\/\/hermandadmedinaceli.es\/index.php\/donation-confirmation\/#breadcrumb"},"inLanguage":"es","potentialAction":[{"@type":"ReadAction","target":["https:\/\/hermandadmedinaceli.es\/index.php\/donation-confirmation\/"]}]},{"@type":"ImageObject","inLanguage":"es","@id":"https:\/\/hermandadmedinaceli.es\/index.php\/donation-confirmation\/#primaryimage","url":"https:\/\/hermandadmedinaceli.es\/wp-content\/uploads\/2025\/02\/medinaceli-1.jpg","contentUrl":"https:\/\/hermandadmedinaceli.es\/wp-content\/uploads\/2025\/02\/medinaceli-1.jpg","width":883,"height":1181},{"@type":"BreadcrumbList","@id":"https:\/\/hermandadmedinaceli.es\/index.php\/donation-confirmation\/#breadcrumb","itemListElement":[{"@type":"ListItem","position":1,"name":"Portada","item":"https:\/\/hermandadmedinaceli.es\/"},{"@type":"ListItem","position":2,"name":"Nuestro Padre Jes\u00fas Cautivo y Rescatado"}]},{"@type":"WebSite","@id":"https:\/\/hermandadmedinaceli.es\/#website","url":"https:\/\/hermandadmedinaceli.es\/","name":"Hermandad Medinaceli - La L&iacute;nea de la Concepci&oacute;n","description":"","potentialAction":[{"@type":"SearchAction","target":{"@type":"EntryPoint","urlTemplate":"https:\/\/hermandadmedinaceli.es\/?s={search_term_string}"},"query-input":{"@type":"PropertyValueSpecification","valueRequired":true,"valueName":"search_term_string"}}],"inLanguage":"es"}]}},"_links":{"self":[{"href":"https:\/\/hermandadmedinaceli.es\/index.php\/wp-json\/wp\/v2\/pages\/307","targetHints":{"allow":["GET"]}}],"collection":[{"href":"https:\/\/hermandadmedinaceli.es\/index.php\/wp-json\/wp\/v2\/pages"}],"about":[{"href":"https:\/\/hermandadmedinaceli.es\/index.php\/wp-json\/wp\/v2\/types\/page"}],"author":[{"embeddable":true,"href":"https:\/\/hermandadmedinaceli.es\/index.php\/wp-json\/wp\/v2\/users\/1"}],"replies":[{"embeddable":true,"href":"https:\/\/hermandadmedinaceli.es\/index.php\/wp-json\/wp\/v2\/comments?post=307"}],"version-history":[{"count":14,"href":"https:\/\/hermandadmedinaceli.es\/index.php\/wp-json\/wp\/v2\/pages\/307\/revisions"}],"predecessor-version":[{"id":1977,"href":"https:\/\/hermandadmedinaceli.es\/index.php\/wp-json\/wp\/v2\/pages\/307\/revisions\/1977"}],"wp:featuredmedia":[{"embeddable":true,"href":"https:\/\/hermandadmedinaceli.es\/index.php\/wp-json\/wp\/v2\/media\/1675"}],"wp:attachment":[{"href":"https:\/\/hermandadmedinaceli.es\/index.php\/wp-json\/wp\/v2\/media?parent=307"}],"curies":[{"name":"wp","href":"https:\/\/api.w.org\/{rel}","templated":true}]}}